{"id":103,"date":"2018-02-19T18:57:28","date_gmt":"2018-02-19T15:57:28","guid":{"rendered":"https:\/\/www.minisculebyebrar.com\/?page_id=103"},"modified":"2021-06-10T11:32:31","modified_gmt":"2021-06-10T08:32:31","slug":"gizlilik-politikasi-ve-kvkk","status":"publish","type":"page","link":"https:\/\/www.minisculebyebrar.com\/tr\/gizlilik-politikasi-ve-kvkk\/","title":{"rendered":"Gizlilik Politikas\u0131 ve KVKK"},"content":{"rendered":"<div class=\"wpb-content-wrapper\"><p>[vc_row][vc_column][vc_column_text]<\/p>\n<h2><\/h2>\n<h2 style=\"text-align: center;\"><span style=\"font-size: 20pt;\">Gizlilik Politikas\u0131 ve KVKK<\/span><\/h2>\n<p><span style=\"font-weight: 600;\">Ki\u015fisel Verilerin Korunmas\u0131 Bilgilendirme Metni<\/span><\/p>\n<p>\u0130\u015fbu KVKK Uyar\u0131nca Bilgilendirme metni temel olarak 6698 say\u0131l\u0131 Ki\u015fisel Verilerin Korunmas\u0131 Kanunu (&#8220;KVKK&#8221;) uyar\u0131nca;<\/p>\n<p>\u2022\u00a0<span style=\"font-weight: 600;\">H.EBRAR SARIG\u00dcLL\u00dc \/ M\u0130N\u00dcSK\u00dcL TEKST\u0130L (minisc\u00fale by ebrar)<\/span>\u2018in\u00a0<strong><u><a href=\"https:\/\/www.minisculebyebrar.com\/\"><span style=\"color: #cb724c;\">www.minisculebyebrar.com<\/span><\/a><\/u><\/strong>\u00a0internet sitesi (\u201cSite\u201d) arac\u0131l\u0131\u011f\u0131 ile ne t\u00fcr veriler toplad\u0131\u011f\u0131n\u0131, toplanan verilerinizin nas\u0131l kullan\u0131ld\u0131\u011f\u0131n\u0131 ve\u00a0<span style=\"font-weight: 600;\">minisc\u00fale by ebrar<\/span>&#8216;\u0131n verilerinizi kimlerle payla\u015fabilece\u011fini,<br \/>\n\u2022\u00a0<span style=\"font-weight: 600;\">minisc\u00fale by ebrar<\/span>&#8216;\u0131n i\u015fledi\u011fi veriler \u00fczerindeki haklar\u0131n\u0131z\u0131n neler oldu\u011funu ve bu haklar\u0131 nas\u0131l kullanabilece\u011finizi,<br \/>\n\u2022 Elektronik ticari ileti alma konusundaki olumlu veya olumsuz tercihlerinizi nas\u0131l de\u011fi\u015ftirebilece\u011finizi<br \/>\na\u00e7\u0131klamaktad\u0131r.<\/p>\n<p><span style=\"font-weight: 600;\">Ki\u015fisel Verilerinizi Neden \u0130\u015fliyoruz? Hangi Ki\u015fisel Verilerinizi \u0130\u015fliyoruz?<\/span><\/p>\n<p>Siz \u00dcyelerimiz&#8217;e daha iyi hizmet verebilmek; sipari\u015f s\u00fcre\u00e7lerinizi y\u00fcr\u00fctmek, tamamlamak ve sizlerle ilgili ileti\u015fimi sa\u011flamak; sizlere \u00fcr\u00fcnler, hizmetler, kampanyalar ve promosyonlarla ilgili bilgi vermek; al\u0131\u015fveri\u015f tercihlerinizi daha iyi anlamak, trend analizleri ve istatistiksel analizler yapmak ve Site&#8217;nin g\u00fcvenli\u011fini g\u00fc\u00e7lendirmek amac\u0131yla ve 5651 Say\u0131l\u0131 \u0130nternet Ortam\u0131nda Yap\u0131lan Yay\u0131nlar\u0131n D\u00fczenlenmesi ve Bu Yay\u0131nlar Yoluyla \u0130\u015flenen Su\u00e7larla M\u00fccadele Edilmesi Hakk\u0131nda Kanun, 6563 Say\u0131l\u0131 Elektronik Ticaretin D\u00fczenlenmesi Hakk\u0131nda Kanun, 5237 Say\u0131l\u0131 T\u00fcrk Ceza Kanunu ve 6698 Say\u0131l\u0131 Ki\u015fisel Verilerin Korunmas\u0131 Kanunu ve ilgili kanunlar\u0131n ikincil mevzuatlar\u0131 da dahil olmak \u00fczere, ilgili mevzuattan kaynaklanan yasal y\u00fck\u00fcml\u00fcl\u00fcklerimizi yerine getirme amac\u0131yla ad\u0131n\u0131z, soyad\u0131n\u0131z, e-posta adresiniz, telefon numaran\u0131z, cinsiyetiniz, do\u011fum tarihiniz, T.C. kimlik numaran\u0131z, vergi kimlik numaran\u0131z, ki\u015fisel ilgi alanlar\u0131n\u0131z, fatura ve teslimat adresleriniz; sosyal medya hesaplar\u0131yla ba\u011flanman\u0131z durumunda o kanallar arac\u0131l\u0131\u011f\u0131yla payla\u015f\u0131lmas\u0131na onay verilen bilgiler de dahil ve fakat bunlarla s\u0131n\u0131rl\u0131 olmamak kayd\u0131yla \u00dcye&#8217;yi do\u011frudan veya dolayl\u0131 olarak tan\u0131mlamaya y\u00f6nelik birtak\u0131m verilerinizi i\u015flemekteyiz.<\/p>\n<p>Bu veriler haricinde, Site ziyaret s\u0131kl\u0131\u011f\u0131 ve zamanlar\u0131, sipari\u015f verilme zamanlar\u0131 ve sipari\u015f an\u0131ndaki IP adresi, ziyaret edilen \u00fcr\u00fcn sayfalar\u0131n\u0131n ve sipari\u015f verilen \u00fcr\u00fcnlerin istatistikleri gibi ki\u015fisel bilgi i\u00e7ermeyen toplu istatistiksel verileri de, ziyaret\u00e7i hareket ve tercihlerini analiz etmek ve anlamak amac\u0131yla toplanmakta ve i\u015flemekteyiz.<\/p>\n<p>Bu ki\u015fisel verileri Site&#8217;de sundu\u011fumuz hizmetlerden yararlanabilmeniz ad\u0131na, a\u00e7\u0131k r\u0131zan\u0131za istinaden, sizinle yapt\u0131\u011f\u0131m\u0131z s\u00f6zle\u015fmenin kurulmas\u0131 veya ifas\u0131yla do\u011frudan do\u011fruya ilgili olmas\u0131 halinde veya temel hak ve \u00f6zg\u00fcrl\u00fcklerinize zarar vermemek kayd\u0131yla me\u015fru menfaatimiz i\u00e7in veri i\u015flemenin zorunlu oldu\u011fu hallerde, i\u015fbu KVKK Uyar\u0131nca Bilgilendirme ile belirlenen ama\u00e7lar ve kapsam d\u0131\u015f\u0131nda kullan\u0131lmamak kayd\u0131 ile uygun bilgi g\u00fcvenli\u011fi tedbirlerini de alarak i\u015flemekte ve saklamaktay\u0131z.<\/p>\n<p>Veri bankas\u0131nda toplad\u0131\u011f\u0131m\u0131z birtak\u0131m verilerinizi, belirli aral\u0131klarla g\u00f6nderilecek olan d\u00f6nemsel kampanya \u00e7al\u0131\u015fmalar\u0131, m\u00fc\u015fteri profillerine y\u00f6nelik \u00f6zel promosyon faaliyetlerinin kurgulanmas\u0131 ve istenmeyen e-postalar\u0131n iletilmemesine y\u00f6nelik m\u00fc\u015fteri s\u0131n\u0131fland\u0131rma \u00e7al\u0131\u015fmalar\u0131 i\u00e7in ve ilgili hukuki d\u00fczenlemelere uygun bir \u015fekilde kullanmaktay\u0131z.<\/p>\n<p>\u00dcr\u00fcn bedelini \u00f6demek i\u00e7in kredi kart\u0131 kulland\u0131\u011f\u0131n\u0131zda, kredi kart\u0131n\u0131z\u0131n numaras\u0131n\u0131, kredi kart\u0131n\u0131z\u0131n son kullanma tarihini, CVV2 kodunu ve benzer bilgilerin bankalar ile payla\u015f\u0131lmas\u0131 kabul etmi\u015f olursunuz. Bununla birlikte, sipari\u015f olu\u015fturma esnas\u0131nda kullan\u0131lan kredi kart\u0131 ve\/veya banka kart\u0131 bilgileri hi\u00e7bir \u015fekilde sistemlerimizde saklanmamaktad\u0131r. <span style=\"font-weight: 600;\">minisc\u00fale by ebrar<\/span>, sonland\u0131r\u0131lan \u00fcyelik hesab\u0131na ait her t\u00fcrl\u00fc kayd\u0131 anonimle\u015ftirmek \u015fart\u0131yla saklamakta serbesttir. Veriler, anonimle\u015ftirildiklerinde bir ki\u015fiyi belirleyici olma \u00f6zelli\u011fini yitirmektedir ve bu anlamda ki\u015fisel veri olarak de\u011ferlendirilmemektedir. \u00dcye anonim hale getirilmi\u015f kay\u0131tlarla ilgili herhangi bir hak veya tazminat talebinde bulunamaz.<br \/>\nKi\u015fisel verilerinizi, hizmetlerimizi sunmak amac\u0131yla i\u015fbirli\u011fi yapt\u0131\u011f\u0131m\u0131z \u00fc\u00e7\u00fcnc\u00fc ki\u015filerle (kargo, g\u00f6nderi, \u00e7a\u011fr\u0131 merkezi, veri taban\u0131 vb. hizmetleri sunan \u015firketlerle) ve kanuni y\u00fck\u00fcml\u00fcl\u00fcklerimizin gere\u011fi olarak devlet mercileri ile payla\u015fabiliriz.\u00a0<span style=\"font-weight: 600;\">minisc\u00fale by ebrar<\/span>, Site&#8217;yi ziyaretinize veya \u00fcyeli\u011fe ili\u015fkin ki\u015fisel verilerinizi ve gezinme bilgileriniz gibi trafik bilgilerinizi; g\u00fcvenli\u011finiz ve\u00a0<span style=\"font-weight: 600;\">minisc\u00fale by ebrar<\/span>&#8216;\u0131n yasalar kar\u015f\u0131s\u0131ndaki y\u00fck\u00fcml\u00fcl\u00fcklerin ifas\u0131 amac\u0131yla yasal olarak bu bilgileri talep etmeye yetkili olan kamu kurum ve kurulu\u015flar\u0131 ile payla\u015fabilecektir. Bununla birlikte, ki\u015fisel verilerinizi yukar\u0131da say\u0131lan faaliyetler ve ilgili mevzuat\u0131n gerektirdi\u011fi haller haricinde hi\u00e7bir \u015fekilde ticari bir ama\u00e7la kullanmayacak veya \u00fc\u00e7\u00fcnc\u00fc ki\u015filerle payla\u015fmayaca\u011f\u0131z.<\/p>\n<p><span style=\"font-weight: 600;\">Ki\u015fisel Verilerinize \u0130li\u015fkin Haklar\u0131n\u0131z Nelerdir ve Bu Haklar\u0131n\u0131z\u0131 Nas\u0131l Kullanabilirsiniz?<\/span><\/p>\n<p><span style=\"font-weight: 600;\">minisc\u00fale by ebrar<\/span>, kanuni olarak saklamas\u0131 gereken \u00dcye bilgilerini saklamakla y\u00fck\u00fcml\u00fcd\u00fcr. Bununla birlikte \u00dcye\u2019nin her zaman kendisiyle ilgili ki\u015fisel veriler hakk\u0131nda bilgilendirilme, bu verilere eri\u015fme, bunlar\u0131n d\u00fczeltilmesini veya silinmesini talep etme ve ama\u00e7lar\u0131 do\u011frultusunda kullan\u0131l\u0131p kullan\u0131lmad\u0131\u011f\u0131n\u0131 \u00f6\u011frenmeyi talep etme haklar\u0131 sakl\u0131d\u0131r.<\/p>\n<p><span style=\"font-weight: 600;\">minisc\u00fale by ebrar<\/span>\u00a0taraf\u0131ndan ki\u015fisel verilerinizin i\u015flendi\u011fi ve\u00a0<span style=\"font-weight: 600;\">minisc\u00fale by ebrar<\/span>\u2018\u0131n verilerinizi veri sorumlusu s\u0131fat\u0131 ile i\u015fledi\u011fi \u00f6l\u00e7\u00fcde KVKK\u2019n\u0131n 11. maddesi gere\u011fi Akat Mah. Cebeci Sok. Demet Apt. No:4 Daire:2, Etiler \/ \u0130STANBUL adresine yaz\u0131l\u0131 ba\u015fvuruda bulunarak veya hebrar.sarigullu@hs01.kep.tr adresine, kay\u0131tl\u0131 elektronik posta (KEP) adres, g\u00fcvenli elektronik imza, mobil imza ya da bizimle \u00fcyeli\u011finiz s\u0131ras\u0131nda payla\u015fm\u0131\u015f oldu\u011funuz ve sistemlerimizde kay\u0131tl\u0131 bulunan e-posta adresini kullanmak suretiyle e-posta g\u00f6ndererek ki\u015fisel verilerinizin;<br \/>\n\u2022 herhangi bir ki\u015fisel verinizin i\u015flenip i\u015flenmedi\u011fini \u00f6\u011frenme;<br \/>\n\u2022 ki\u015fisel verilerinizin i\u015flenme faaliyetlerine ili\u015fkin olarak bilgi talep etme;<br \/>\n\u2022 ki\u015fisel verilerinizin i\u015flenme ama\u00e7lar\u0131n\u0131 \u00f6\u011frenme;<br \/>\n\u2022 ki\u015fisel verilerin yurt i\u00e7inde veya yurt d\u0131\u015f\u0131nda \u00fc\u00e7\u00fcnc\u00fc ki\u015filere aktar\u0131lm\u0131\u015f olmas\u0131 durumunda bu ki\u015fileri \u00f6\u011frenme;<br \/>\n\u2022 ki\u015fisel verilerin eksik veya yanl\u0131\u015f i\u015flenmi\u015f olmas\u0131 halinde bunlar\u0131n d\u00fczeltilmesini isteme;<br \/>\n\u2022 ki\u015fisel verilerin i\u015flenmesini gerektiren sebeplerin ortadan kalkmas\u0131 veya \u015eirket&#8217;in s\u00f6z konusu verileri i\u015fleyebilmek i\u00e7in hukuki dayana\u011f\u0131 veya me\u015fru menfaatinin bulunmamas\u0131 halinde ki\u015fisel verilerin silinmesini veya yok edilmesini isteme;<br \/>\n\u2022 \u015eirket&#8217;ten, yine \u015eirket taraf\u0131ndan yetkilendirilen ve ki\u015fisel verileri i\u015fleyen \u00fc\u00e7\u00fcnc\u00fc ki\u015filerin bu b\u00f6l\u00fcm kapsam\u0131ndaki haklar\u0131n\u0131za sayg\u0131 duymas\u0131n\u0131 sa\u011flamas\u0131n\u0131 talep etme;<br \/>\n\u2022 ki\u015fisel verilerin otomatik sistemler vas\u0131tas\u0131yla i\u015flenmesi sonucu ortaya \u00e7\u0131kabilecek aleyhte sonu\u00e7lara itiraz etme ve;<br \/>\n\u2022 ki\u015fisel verilerinizin kanuna ayk\u0131r\u0131 bir \u015fekilde i\u015flenmesi sebebiyle zarara u\u011framan\u0131z halinde bu zarar\u0131n tazmin edilmesini isteme hakk\u0131na sahipsiniz.<br \/>\n\u00dcyelik ve ileti\u015fim tercihlerinizi her zaman sisteme giri\u015f yaparak g\u00fcncelleyebilirsiniz.<\/p>\n<p><span style=\"font-weight: 600;\">Ki\u015fisel Verileriniz Hangi S\u00fcreyle Saklanmaktad\u0131r?<\/span><\/p>\n<p>6563 Say\u0131l\u0131 Elektronik Ticaretin D\u00fczenlenmesi Hakk\u0131nda Kanun uyar\u0131nca; onay\u0131n geri al\u0131nd\u0131\u011f\u0131na ili\u015fkin kay\u0131tlar bu tarihten itibaren 1 y\u0131l; ticari elektronik iletinin i\u00e7eri\u011fi ve g\u00f6nderiye ili\u015fkin di\u011fer her t\u00fcrl\u00fc kay\u0131t ise gerekti\u011finde ilgili bakanl\u0131\u011fa sunulmak \u00fczere 3 y\u0131l saklanacakt\u0131r. S\u00fcre ge\u00e7tikten sonra ki\u015fisel verileriniz \u015firketimiz taraf\u0131ndan veya talebiniz \u00fczerine silinecek, yok edilecek veya anonim hale getirilecektir.<\/p>\n<p><span style=\"font-weight: 600;\">Ki\u015fisel Verileriniz Nas\u0131l Korunmaktad\u0131r?<\/span><\/p>\n<p><span style=\"font-weight: 600;\">minisc\u00fale by ebrar<\/span>, ki\u015fisel verilerin korunmas\u0131na b\u00fcy\u00fck \u00f6nem vermektedir.\u00a0<span style=\"font-weight: 600;\">minisc\u00fale by ebrar<\/span>, ki\u015fisel verilere yetkisiz eri\u015fim veya bu bilgilerin kayb\u0131, hatal\u0131 kullan\u0131m\u0131, if\u015fa edilmesi, de\u011fi\u015ftirilmesi veya imha edilmesine kar\u015f\u0131 korumak i\u00e7in gerekli \u00f6nlemleri almaktad\u0131r. <span style=\"font-weight: 600;\">minisc\u00fale by ebrar<\/span>, ki\u015fisel verilerinizi gizli tutmay\u0131, gizlili\u011fin sa\u011flanmas\u0131 ve g\u00fcvenli\u011fi i\u00e7in gerekli fiziki, teknik ve idari her t\u00fcrl\u00fc tedbiri almay\u0131 ve gerekli \u00f6zeni g\u00f6stermeyi taahh\u00fct etmektedir.\u00a0<span style=\"font-weight: 600;\">minisc\u00fale by ebrar<\/span>&#8216;\u0131n gerekli bilgi g\u00fcvenli\u011fi \u00f6nlemlerini almas\u0131na kar\u015f\u0131n, Site&#8217;ye ve sisteme yap\u0131lan sald\u0131r\u0131lar sonucunda ki\u015fisel verilerin zarar g\u00f6rmesi veya \u00fc\u00e7\u00fcnc\u00fc ki\u015filerin eline ge\u00e7mesi durumunda, <span style=\"font-weight: 600;\">minisc\u00fale by ebrar<\/span>\u00a0bu durumu derhal sizlere ve Ki\u015fisel Verileri Koruma Kurulu\u2019na bildirir ve gerekli \u00f6nlemleri al\u0131r.<\/p>\n<p>De\u011fi\u015fiklikler\u00a0<span style=\"font-weight: 600;\">minisc\u00fale by ebrar<\/span>, i\u015fbu KVKK Uyar\u0131nca Bilgilendirme&#8217;de her zaman de\u011fi\u015fiklik yapabilir. Bu de\u011fi\u015fiklikler, de\u011fi\u015ftirilmi\u015f yeni h\u00fck\u00fcm ve\/veya politikalar\u0131n Site&#8217;de yay\u0131nlanmas\u0131yla birlikte derhal ge\u00e7erlilik kazan\u0131r. B\u00f6yle bir de\u011fi\u015flik halinde, siz \u00dcyelerimiz&#8217;e gerekli bilgilendirme yap\u0131lacakt\u0131r.<\/p>\n<p><img loading=\"lazy\" decoding=\"async\" class=\"alignnone size-full wp-image-22415\" src=\"https:\/\/www.minisculebyebrar.com\/wp-content\/uploads\/2021\/06\/gizlilik-politikasi.jpg\" alt=\"gizlilik politikas\u0131\" width=\"640\" height=\"300\" srcset=\"https:\/\/www.minisculebyebrar.com\/wp-content\/uploads\/2021\/06\/gizlilik-politikasi.jpg 640w, https:\/\/www.minisculebyebrar.com\/wp-content\/uploads\/2021\/06\/gizlilik-politikasi-300x141.jpg 300w, https:\/\/www.minisculebyebrar.com\/wp-content\/uploads\/2021\/06\/gizlilik-politikasi-24x11.jpg 24w, https:\/\/www.minisculebyebrar.com\/wp-content\/uploads\/2021\/06\/gizlilik-politikasi-36x17.jpg 36w, https:\/\/www.minisculebyebrar.com\/wp-content\/uploads\/2021\/06\/gizlilik-politikasi-48x23.jpg 48w, https:\/\/www.minisculebyebrar.com\/wp-content\/uploads\/2021\/06\/gizlilik-politikasi-600x281.jpg 600w\" sizes=\"auto, (max-width: 640px) 100vw, 640px\" \/>[\/vc_column_text][\/vc_column][\/vc_row]<\/p>\n<\/div>","protected":false},"excerpt":{"rendered":"<p>[vc_row][vc_column][vc_column_text] Gizlilik Politikas\u0131 ve KVKK Ki\u015fisel Verilerin Korunmas\u0131 Bilgilendirme Metni \u0130\u015fbu KVKK Uyar\u0131nca Bilgilendirme metni temel olarak 6698 say\u0131l\u0131 Ki\u015fisel Verilerin Korunmas\u0131 Kanunu (&#8220;KVKK&#8221;) uyar\u0131nca; \u2022\u00a0H.EBRAR SARIG\u00dcLL\u00dc \/ M\u0130N\u00dcSK\u00dcL TEKST\u0130L (minisc\u00fale by ebrar)\u2018in\u00a0www.minisculebyebrar.com\u00a0internet sitesi (\u201cSite\u201d) arac\u0131l\u0131\u011f\u0131 ile ne t\u00fcr veriler toplad\u0131\u011f\u0131n\u0131, toplanan verilerinizin nas\u0131l kullan\u0131ld\u0131\u011f\u0131n\u0131 ve\u00a0minisc\u00fale by ebrar&#8216;\u0131n verilerinizi kimlerle payla\u015fabilece\u011fini, \u2022\u00a0minisc\u00fale by ebrar&#8216;\u0131n i\u015fledi\u011fi [&hellip;]<\/p>\n","protected":false},"author":8,"featured_media":0,"parent":0,"menu_order":0,"comment_status":"closed","ping_status":"closed","template":"","meta":{"footnotes":""},"class_list":["post-103","page","type-page","status-publish","hentry"],"_links":{"self":[{"href":"https:\/\/www.minisculebyebrar.com\/tr\/wp-json\/wp\/v2\/pages\/103","targetHints":{"allow":["GET"]}}],"collection":[{"href":"https:\/\/www.minisculebyebrar.com\/tr\/wp-json\/wp\/v2\/pages"}],"about":[{"href":"https:\/\/www.minisculebyebrar.com\/tr\/wp-json\/wp\/v2\/types\/page"}],"author":[{"embeddable":true,"href":"https:\/\/www.minisculebyebrar.com\/tr\/wp-json\/wp\/v2\/users\/8"}],"replies":[{"embeddable":true,"href":"https:\/\/www.minisculebyebrar.com\/tr\/wp-json\/wp\/v2\/comments?post=103"}],"version-history":[{"count":0,"href":"https:\/\/www.minisculebyebrar.com\/tr\/wp-json\/wp\/v2\/pages\/103\/revisions"}],"wp:attachment":[{"href":"https:\/\/www.minisculebyebrar.com\/tr\/wp-json\/wp\/v2\/media?parent=103"}],"curies":[{"name":"wp","href":"https:\/\/api.w.org\/{rel}","templated":true}]}}