{"id":16891,"date":"2020-10-10T11:56:11","date_gmt":"2020-10-10T08:56:11","guid":{"rendered":"https:\/\/www.minisculebyebrar.com\/?page_id=16891"},"modified":"2021-06-25T21:08:09","modified_gmt":"2021-06-25T18:08:09","slug":"hakkinda","status":"publish","type":"page","link":"https:\/\/www.minisculebyebrar.com\/tr\/hakkinda\/","title":{"rendered":"HAKKIMIZDA"},"content":{"rendered":"<div class=\"wpb-content-wrapper\"><p>[vc_row layout=&#8221;ts-row-boxed&#8221; css=&#8221;.vc_custom_1604787650055{margin-top: 50px !important;}&#8221;][vc_column css_animation=&#8221;none&#8221;][vc_tta_tabs active_section=&#8221;1&#8243; style=&#8221;4&#8243;][vc_tta_section title=&#8221;Marka&#8221; tab_id=&#8221;1604604708224-c75b1eb2-85a0&#8243;][vc_column_text]<\/p>\n<h2 style=\"text-align: center;\"><span style=\"font-size: 16pt; font-family: futura-regular;\"><span style=\"color: #cf7045;\">Zamans\u0131z \u00d6zg\u00fcn \u015e\u0131kl\u0131\u011f\u0131n Do\u011fall\u0131kla Harmonisi<\/span><\/span><\/h2>\n<p style=\"text-align: center;\"><span style=\"font-family: futura-regular; font-size: 10pt;\"><span style=\"font-weight: 600;\">minisc\u00fale by ebrar<\/span>, kendine has tarzlar\u0131 olan, s\u0131radanl\u0131ktan uzak ama bir o kadar do\u011fall\u0131ktan yana miniklerimiz i\u00e7in, onlar\u0131n renkli d\u00fcnyalar\u0131ndan esinlenerek \u00f6zg\u00fcn k\u0131yafetler yaratan bir tasar\u0131mc\u0131 markas\u0131d\u0131r.<\/span><\/p>\n<p style=\"text-align: center;\"><span style=\"font-family: futura-regular; font-size: 10pt;\">2018 y\u0131l\u0131nda ba\u015flayan yolculu\u011fumuz, modern zamanlar\u0131n rahatl\u0131\u011f\u0131n\u0131 zamans\u0131z \u015f\u0131kl\u0131k ile harmanlayarak 1-5 ya\u015f aras\u0131 \u00e7ocuklar i\u00e7in alternatif bir soluk sunmaktad\u0131r. Tasar\u0131mlar\u0131m\u0131z s\u0131rad\u0131\u015f\u0131 ve dikkat \u00e7ekici bir giyim \u00e7izgisi ile \u015fekillenirken, benimsedi\u011fimiz etik moda ilkesiyle de titizlikle \u00fcretilmektedir. Koleksiyonlar\u0131m\u0131z, g\u00fcn\u00fcm\u00fcz annelerinin minikleri i\u00e7in s\u0131kl\u0131kla tercih etti\u011fi sa\u011fl\u0131kl\u0131 ve ekolojik kuma\u015flardan olu\u015fturulmakta ve detayland\u0131r\u0131lm\u0131\u015f i\u015f\u00e7ilik anlay\u0131\u015f\u0131m\u0131z \u00fcr\u00fcnlerimize son \u015feklini vermektedir.<\/span><\/p>\n<p style=\"text-align: center;\"><span style=\"font-family: futura-regular; font-size: 10pt;\">B\u00fct\u00fcnc\u00fcl bir yakla\u015f\u0131mla insana, \u00e7evreye ve ekonomiye duyarl\u0131 s\u00fcrd\u00fcr\u00fclebilirlik bilincimiz, gelece\u011fin sahiplerine her a\u00e7\u0131dan g\u00fczel bir d\u00fcnya b\u0131rakmaya \u00f6zen g\u00f6stermektedir. Giydikleri k\u0131yafetlerle do\u011fal kaynaklar\u0131 ve insan eme\u011fini en iyi \u015fekilde kullanman\u0131n de\u011ferini ke\u015ffeden \u00e7ocuklar\u0131m\u0131z i\u00e7in parlak bir gelece\u011fe \u0131\u015f\u0131k tutulmaktad\u0131r. Merakl\u0131 zihinleri ve ka\u015fif ruhlar\u0131 onlarla birlikte bizim de b\u00fcy\u00fcmemiz de en b\u00fcy\u00fck ilham kayna\u011f\u0131m\u0131z olmaktad\u0131r.<\/span><\/p>\n<h2 style=\"text-align: center;\"><span style=\"font-size: 16pt; font-family: futura-regular;\"><span style=\"color: #cf7045;\"><a href=\"https:\/\/www.minisculebyebrar.com\/wp-content\/uploads\/2020\/10\/ds.jpg\"><img loading=\"lazy\" decoding=\"async\" class=\"aligncenter wp-image-17667 size-full\" src=\"https:\/\/www.minisculebyebrar.com\/wp-content\/uploads\/2020\/10\/ds.jpg\" alt=\"\" width=\"500\" height=\"500\" srcset=\"https:\/\/www.minisculebyebrar.com\/wp-content\/uploads\/2020\/10\/ds.jpg 500w, https:\/\/www.minisculebyebrar.com\/wp-content\/uploads\/2020\/10\/ds-100x100.jpg 100w, https:\/\/www.minisculebyebrar.com\/wp-content\/uploads\/2020\/10\/ds-300x300.jpg 300w, https:\/\/www.minisculebyebrar.com\/wp-content\/uploads\/2020\/10\/ds-150x150.jpg 150w, https:\/\/www.minisculebyebrar.com\/wp-content\/uploads\/2020\/10\/ds-480x480.jpg 480w, https:\/\/www.minisculebyebrar.com\/wp-content\/uploads\/2020\/10\/ds-46x46.jpg 46w, https:\/\/www.minisculebyebrar.com\/wp-content\/uploads\/2020\/10\/ds-50x50.jpg 50w\" sizes=\"auto, (max-width: 500px) 100vw, 500px\" \/><\/a><\/span><\/span><\/h2>\n<p>[\/vc_column_text][\/vc_tta_section][vc_tta_section title=&#8221;Tasar\u0131mc\u0131&#8221; tab_id=&#8221;1604604708224-6ea3ee55-0ef2&#8243;][vc_column_text]<\/p>\n<h2 style=\"text-align: center;\"><span style=\"font-family: futura-regular; color: #cf7045; font-size: 16pt;\">Stil Sahibi Miniklere \u00d6zg\u00fcn Tasar\u0131mlar<\/span><\/h2>\n<p style=\"text-align: center;\"><span style=\"font-size: 10pt; font-family: futura-regular;\">Markan\u0131n tasar\u0131mc\u0131 ve kurucusu <span style=\"font-weight: 600;\">Ebrar Sar\u0131g\u00fcll\u00fc<\/span>\u2019n\u00fcn g\u00fczele duydu\u011fu a\u015fk, tasar\u0131m\u0131n her alan\u0131nda onu her zaman cezbetmi\u015f; ruha, g\u00f6ze, dile ve \u00e2na g\u00fczel gelen her \u015feyi b\u00fct\u00fcn\u00fcn par\u00e7as\u0131 olarak g\u00f6rm\u00fc\u015ft\u00fcr. Ya\u015fam\u0131 kavraman\u0131n, anlaman\u0131n, alg\u0131laman\u0131n yollar\u0131ndan birinin tasar\u0131m oldu\u011fu inanc\u0131yla, Grafik Tasar\u0131m Lisans e\u011fitimi alm\u0131\u015f; \u00e7ok y\u00f6nl\u00fc taraf\u0131yla disiplinler aras\u0131 ge\u00e7i\u015fler yapm\u0131\u015ft\u0131r.<\/span><\/p>\n<p style=\"text-align: center;\"><span style=\"font-size: 10pt; font-family: futura-regular;\">Hayat\u0131n\u0131n farkl\u0131 d\u00f6nemlerinde farkl\u0131 materyallerden kompoze etti\u011fi anlat\u0131m dilini tasar\u0131m\u0131n her alan\u0131nda ve her zaman, marka bilincini de g\u00f6zeterek bir ya\u015fam \u015fekli sunumuna d\u00f6n\u00fc\u015ft\u00fcrmeyi ba\u015farm\u0131\u015ft\u0131r. \u00c7evresinde ve ailesinde \u00e7ocuklarla kurdu\u011fu ili\u015fki artt\u0131k\u00e7a, her birinin kendine \u00f6zg\u00fc birer do\u011fu\u015ftan tasar\u0131m harikas\u0131 oldu\u011funu fark etmi\u015f, \u00e7ok iyi arkada\u015f oldu\u011fu k\u00fc\u00e7\u00fcklerin \u201cM\u0130N\u0130\u201dsi olmu\u015ftur.<\/span><\/p>\n<p style=\"text-align: center;\"><span style=\"font-size: 10pt; font-family: futura-regular;\">Kendine has tarzlar\u0131 olan, s\u0131radanl\u0131ktan uzak ama bir o kadar do\u011fall\u0131ktan yana bu ne\u015fe kayna\u011f\u0131 minikler i\u00e7in kendileri kadar \u00f6zg\u00fcn ve renkli k\u0131yafetler tasarlamaya ba\u015flam\u0131\u015ft\u0131r. 2018 Mart ay\u0131nda hayata ge\u00e7irdi\u011fi \u00e7ocuk k\u0131yafeti tasar\u0131mlar\u0131yla k\u0131sa s\u00fcrede zevk sahibi g\u00fcn\u00fcm\u00fcz annelerinin dikkatini \u00e7ekmeyi ba\u015farm\u0131\u015f ve 2018 Ekim ay\u0131 itibariyle de <span style=\"font-weight: 600;\">\u201cminisc\u00fale by ebrar\u201d<\/span> markas\u0131n\u0131 kurmu\u015ftur.<\/span><\/p>\n<p style=\"text-align: left;\"><span style=\"color: #405d6e; font-family: futura-regular;\">.<a href=\"https:\/\/www.minisculebyebrar.com\/wp-content\/uploads\/2020\/11\/tasarimci.png\"><img loading=\"lazy\" decoding=\"async\" class=\"aligncenter wp-image-18302 size-full\" src=\"https:\/\/www.minisculebyebrar.com\/wp-content\/uploads\/2020\/11\/tasarimci.png\" alt=\"\" width=\"500\" height=\"443\" srcset=\"https:\/\/www.minisculebyebrar.com\/wp-content\/uploads\/2020\/11\/tasarimci.png 500w, https:\/\/www.minisculebyebrar.com\/wp-content\/uploads\/2020\/11\/tasarimci-300x266.png 300w\" sizes=\"auto, (max-width: 500px) 100vw, 500px\" \/><\/a><\/span><\/p>\n<p>[\/vc_column_text][\/vc_tta_section][\/vc_tta_tabs][\/vc_column][\/vc_row]<\/p>\n<\/div>","protected":false},"excerpt":{"rendered":"<p>[vc_row layout=&#8221;ts-row-boxed&#8221; css=&#8221;.vc_custom_1604787650055{margin-top: 50px !important;}&#8221;][vc_column css_animation=&#8221;none&#8221;][vc_tta_tabs active_section=&#8221;1&#8243; style=&#8221;4&#8243;][vc_tta_section title=&#8221;Marka&#8221; tab_id=&#8221;1604604708224-c75b1eb2-85a0&#8243;][vc_column_text] Zamans\u0131z \u00d6zg\u00fcn \u015e\u0131kl\u0131\u011f\u0131n Do\u011fall\u0131kla Harmonisi minisc\u00fale by ebrar, kendine has tarzlar\u0131 olan, s\u0131radanl\u0131ktan uzak ama bir o kadar do\u011fall\u0131ktan yana miniklerimiz i\u00e7in, onlar\u0131n renkli d\u00fcnyalar\u0131ndan esinlenerek \u00f6zg\u00fcn k\u0131yafetler yaratan bir tasar\u0131mc\u0131 markas\u0131d\u0131r. 2018 y\u0131l\u0131nda ba\u015flayan yolculu\u011fumuz, modern zamanlar\u0131n rahatl\u0131\u011f\u0131n\u0131 zamans\u0131z \u015f\u0131kl\u0131k ile harmanlayarak 1-5 ya\u015f [&hellip;]<\/p>\n","protected":false},"author":8,"featured_media":0,"parent":0,"menu_order":0,"comment_status":"closed","ping_status":"closed","template":"","meta":{"footnotes":""},"class_list":["post-16891","page","type-page","status-publish","hentry"],"_links":{"self":[{"href":"https:\/\/www.minisculebyebrar.com\/tr\/wp-json\/wp\/v2\/pages\/16891","targetHints":{"allow":["GET"]}}],"collection":[{"href":"https:\/\/www.minisculebyebrar.com\/tr\/wp-json\/wp\/v2\/pages"}],"about":[{"href":"https:\/\/www.minisculebyebrar.com\/tr\/wp-json\/wp\/v2\/types\/page"}],"author":[{"embeddable":true,"href":"https:\/\/www.minisculebyebrar.com\/tr\/wp-json\/wp\/v2\/users\/8"}],"replies":[{"embeddable":true,"href":"https:\/\/www.minisculebyebrar.com\/tr\/wp-json\/wp\/v2\/comments?post=16891"}],"version-history":[{"count":0,"href":"https:\/\/www.minisculebyebrar.com\/tr\/wp-json\/wp\/v2\/pages\/16891\/revisions"}],"wp:attachment":[{"href":"https:\/\/www.minisculebyebrar.com\/tr\/wp-json\/wp\/v2\/media?parent=16891"}],"curies":[{"name":"wp","href":"https:\/\/api.w.org\/{rel}","templated":true}]}}