{"id":16919,"date":"2020-10-10T13:06:25","date_gmt":"2020-10-10T10:06:25","guid":{"rendered":"https:\/\/www.minisculebyebrar.com\/?page_id=16919"},"modified":"2020-11-08T11:44:43","modified_gmt":"2020-11-08T08:44:43","slug":"uyelik-sozlesmesi","status":"publish","type":"page","link":"https:\/\/www.minisculebyebrar.com\/tr\/uyelik-sozlesmesi\/","title":{"rendered":"\u00dcyelik S\u00f6zle\u015fmesi"},"content":{"rendered":"<div class=\"wpb-content-wrapper\"><p>[vc_row][vc_column][vc_column_text]<\/p>\n<p>&nbsp;<\/p>\n<p style=\"text-align: center;\"><span style=\"color: #cb724c; font-size: 20pt;\">\u00dcyelik S\u00f6zle\u015fmesi<\/span><\/p>\n<p>Bir taraftan Akat Mah. Cebeci Sok. Demet Apt. No:4 Daire:2, Etiler \/ \u0130STANBUL adresinde mukim <span style=\"font-weight: 600;\">H.EBRAR SARIG\u00dcLL\u00dc \/ M\u0130N\u00dcSK\u00dcL TEKST\u0130L <\/span>(A\u015fa\u011f\u0131da k\u0131saca \u201c<span style=\"font-weight: 600;\">minisc\u00fale by ebrar<\/span>\u201d olarak an\u0131lacakt\u0131r) ile di\u011fer tarafta <span style=\"font-weight: 600;\"><u><a href=\"https:\/\/www.minisculebyebrar.com\/\">www.minisculebyebrar.com<\/a><\/u><\/span> (\u201cSite\u201d) \u00fcyesi (\u201c\u00dcye\u201d) aras\u0131nda a\u015fa\u011f\u0131daki \u015fartlarda i\u015f bu s\u00f6zle\u015fme akdedilmi\u015ftir.<\/p>\n<p><span style=\"font-weight: 600;\">A. S\u00f6zle\u015fmenin Ba\u015flang\u0131c\u0131<\/span><\/p>\n<ul>\n<li>\u00dcye, Site\u2019de kay\u0131t i\u015flemlerini tamamlay\u0131p, e-posta adresini onaylad\u0131ktan sonra i\u015fbu S\u00f6zle\u015fme\u2019de belirtilen \u015fartlara uymak ko\u015fulu ile e-posta adresini ve \u015fifresini girerek Site\u2019yi kullanmaya ba\u015flayabilir.<\/li>\n<li>S\u00f6zle\u015fme&#8217;nin, bir t\u00fczel ki\u015fi ad\u0131na akdedilmesi halinde, S\u00f6zle\u015fme\u2019yi akdeden ki\u015fi, s\u00f6z konusu t\u00fczel ki\u015fi ad\u0131na bu t\u00fcr bir i\u015flem ger\u00e7ekle\u015ftirmek i\u00e7in yetkili oldu\u011funu, aksi halde (yetkisiz i\u015flem yapmas\u0131 durumunda), bundan sonra yapt\u0131\u011f\u0131\/yapaca\u011f\u0131 sonu\u00e7 do\u011furucu t\u00fcm i\u015flemlerden \u00f6t\u00fcr\u00fc \u015fahsen sorumlu oldu\u011funu kabul, beyan ve taahh\u00fct etmi\u015f olmaktad\u0131r.<\/li>\n<li>\u00dcye, Site\u2019yi kullanmaya ba\u015flad\u0131\u011f\u0131 andan itibaren S\u00f6zle\u015fme\u2019nin t\u00fcm \u015fartlar\u0131n\u0131 kabul etmi\u015f say\u0131laca\u011f\u0131n\u0131 ve bu \u015fartlar\u0131n kendisi i\u00e7in ba\u011flay\u0131c\u0131 olaca\u011f\u0131n\u0131 kabul eder. <span style=\"font-weight: 600;\">minisc\u00fale by ebrar<\/span>, a\u015fa\u011f\u0131da belirtilen ko\u015fullar\u0131, mevzuat veya i\u015fbu S\u00f6zle\u015fme uyar\u0131nca gerekti\u011fi zaman, kendi takdiri \u00fczerine de\u011fi\u015ftirme ve de\u011fi\u015fiklikleri \u00dcye\u2019ye bildirme hakk\u0131n\u0131 sakl\u0131 tutmaktad\u0131r.<\/li>\n<\/ul>\n<p><span style=\"font-weight: 600;\">B. \u00dcye\u2019nin Hak Ve Y\u00fck\u00fcml\u00fcl\u00fckleri<\/span><\/p>\n<ul>\n<li>Site, siteye \u00fcye olan herkesin kullan\u0131m\u0131na a\u00e7\u0131k bir sitedir. Site \u00fczerinden verilen hizmetler \u00fccretsizdir.\u00dcye, Site\u2019yi kullan\u0131m\u0131nda, s\u00f6zle\u015fmede yer alan t\u00fcm \u015fartlara ve Site\u2019nin ilgili yerlerinde belirtilen kurallara uygun hareket edece\u011fini kabul, beyan ve taahh\u00fct eder.<\/li>\n<li>\u00dcye, Site\u2019de sunulan hizmetlerden yararlan\u0131rken, Bor\u00e7lar Kanunu, T\u00fcrk Ceza Kanunu, T\u00fcrk Ticaret Kanunu, Fikir ve Sanat Eserleri Kanunu, Marka ve Patent Haklar\u0131n\u0131n Korunmas\u0131 ile ilgili Kanun, Kanun H\u00fckm\u00fcnde Kararnameler, Ki\u015fisel Verilerin Korunmas\u0131 Kanunu ve di\u011fer ilgili mevzuat h\u00fck\u00fcmleri ile <span style=\"font-weight: 600;\">minisc\u00fale by ebrar<\/span>\u2019\u0131n hizmetlerine ili\u015fkin olarak yay\u0131mlayaca\u011f\u0131 her t\u00fcrl\u00fc duyuru ve bildirime uymay\u0131 kabul eder. Bu bildirimlere ve kanunlara ayk\u0131r\u0131 kullan\u0131m sebebiyle do\u011fabilecek hukuki, cezai ve mali her t\u00fcrl\u00fc sorumluluk \u00dcye\u2019ye aittir.<\/li>\n<li>\u00dcye, i\u015fbu S\u00f6zle\u015fme ile \u00fcstlenmi\u015f oldu\u011fu y\u00fck\u00fcml\u00fcl\u00fcklere ayk\u0131r\u0131 fiili nedeniyle <span style=\"font-weight: 600;\">minisc\u00fale by ebrar<\/span>\u2019\u0131n u\u011frayaca\u011f\u0131 her t\u00fcrl\u00fc zarar\u0131 aynen tazmin edecek olup; <span style=\"font-weight: 600;\">minisc\u00fale by ebrar<\/span>, \u00dcye\u2019nin S\u00f6zle\u015fme\u2019ye ayk\u0131r\u0131 davran\u0131\u015flar\u0131 nedeniyle kamu kurumlar\u0131na ve\/veya \u00fc\u00e7\u00fcnc\u00fc \u015fah\u0131slara \u00f6demek zorunda kalabilece\u011fi her t\u00fcrl\u00fc tazminat, idari\/adli para cezalar\u0131 i\u00e7in \u00dcye\u2019ye aynen r\u00fccu hakk\u0131n\u0131 haizdir.<br \/>\u00dcye, di\u011fer \u00fcyelerin ve ziyaret\u00e7ilerin Site\u2019yi kullanmas\u0131n\u0131 \u00f6nleyici veya zorla\u015ft\u0131r\u0131c\u0131 eylemlerde bulunamaz; sunucular\u0131 ya da veritabanlar\u0131n\u0131 otomatik programlarla y\u00fckleyip kilitleyemez, verileri yan\u0131lt\u0131c\u0131 giri\u015fimlerde bulunamaz; aksi takdirde \u00fcyeli\u011finin sonland\u0131r\u0131laca\u011f\u0131n\u0131 ve bu durumdan do\u011fabilecek her t\u00fcrl\u00fc hukuki ve cezai sorumlulu\u011fu \u00fcstlenece\u011fini kabul eder.<br \/>Site i\u00e7erisinde yap\u0131lan yaz\u0131\u015fmalar\u0131n yede\u011finin al\u0131nmas\u0131 ki\u015filerin sorumlulu\u011fundad\u0131r ve <span style=\"font-weight: 600;\">minisc\u00fale by ebrar<\/span> taraf\u0131ndan \u00f6nerilmektedir. Yaz\u0131\u015fmalar\u0131n yedeklerinin al\u0131nmamas\u0131 nedeniyle kaybolmas\u0131ndan ve silinmesinden <span style=\"font-weight: 600;\">minisc\u00fale by ebrar<\/span> sorumlu tutulamaz.<\/li>\n<li>\u00dcye, Site\u2019de kay\u0131t yapt\u0131r\u0131rken veya al\u0131\u015fveri\u015f yaparken verdi\u011fi ki\u015fisel ve di\u011fer bilgilerin do\u011fru oldu\u011funu ve bu bilgilerin do\u011fru olmamas\u0131 halinde <span style=\"font-weight: 600;\">minisc\u00fale by ebrar<\/span>\u2019 un bu sebeple u\u011frayaca\u011f\u0131 t\u00fcm zararlar\u0131 eksiksiz ve derhal tazmin edece\u011fini beyan ve taahh\u00fct eder.<br \/>Site\u2019de, ziyaret\u00e7ilere bilgi ve kolayl\u0131k sa\u011flamak amac\u0131 ile yer alan linkler (farkl\u0131 internet sitelerine y\u00f6nlendiren ba\u011flant\u0131lar) ile ilgili riskler \u00dcye\u2019ye aittir. <span style=\"font-weight: 600;\">minisc\u00fale by ebrar<\/span> taraf\u0131ndan bu linklere site i\u00e7eri\u011finde sadece ziyaret\u00e7ilere bilgi ve kolayl\u0131k sa\u011flamak amac\u0131yla yer verilmektedir.<\/li>\n<li>Site\u2019de sunulan g\u00f6rsel, yaz\u0131sal i\u00e7erik, ki\u015fisel kullan\u0131m i\u00e7indir. Site\u2019nin i\u00e7eri\u011finde yer alan b\u00fct\u00fcn yaz\u0131lar\u0131n, grafiklerin, foto\u011fraflar\u0131n, videolar\u0131n, animasyonlar\u0131n, seslerin her t\u00fcrl\u00fc hakk\u0131 sakl\u0131d\u0131r; aksi belirtilmedik\u00e7e, ticari ya da ki\u015fisel ama\u00e7larla, izinsiz ve kaynak g\u00f6sterilmeden kullan\u0131lamaz. <span style=\"font-weight: 600;\">minisc\u00fale by ebrar<\/span>\u2019un izni olmaks\u0131z\u0131n, Site\u2019de yer alan herhangi bir unsuru di\u011fer bir mecrada veya internet sitesinde yay\u0131nlamak veya link vermek yasakt\u0131r.<br \/>\u00dcye, <span style=\"font-weight: 600;\">minisc\u00fale by ebrar<\/span>\u2019\u0131n Site\u2019de yer alan telif haklar\u0131na tabi \u00e7al\u0131\u015fmalar\u0131n\u0131 hi\u00e7bir surette kullanamaz, yeniden satamaz, payla\u015famaz, da\u011f\u0131tamaz, sergileyemez, \u00e7o\u011faltamaz, i\u015fleyemez, bunlardan t\u00fcremi\u015f \u00e7al\u0131\u015fmalar yapamaz, haz\u0131rlayamaz. Aksi takdirde, \u00dcye, <span style=\"font-weight: 600;\">minisc\u00fale by ebrar<\/span>\u2019\u0131n u\u011fram\u0131\u015f oldu\u011fu veyahut u\u011frayabilece\u011fi t\u00fcm zararlardan sorumlu olaca\u011f\u0131n\u0131 beyan, kabul ve taahh\u00fct eder.<\/li>\n<li>Sayfalar\u0131n tasar\u0131m\u0131nda ve veritaban\u0131 olu\u015fturulmas\u0131nda kullan\u0131lan ve her hakk\u0131 <span style=\"font-weight: 600;\">minisc\u00fale by ebrar<\/span>\u2019a ait olan yaz\u0131l\u0131m\u0131n kopyalanmas\u0131 veya kullan\u0131lmas\u0131 kesinlikle yasakt\u0131r.<\/li>\n<li>\u00dcye, Site\u2019den kopyalanm\u0131\u015f veya yaz\u0131c\u0131 ile yazd\u0131r\u0131lm\u0131\u015f hi\u00e7bir materyal \u00fczerinden telif hakk\u0131, ticari marka ve Fikir ve Sanat Eserleri Kanunu kapsam\u0131ndaki notlar\u0131 silemez veya \u00e7\u0131kartamaz.<\/li>\n<li>Site kullan\u0131c\u0131lar\u0131n\u0131n birbirleri ya da \u00fc\u00e7\u00fcnc\u00fc \u015fah\u0131slarla olan ili\u015fkileri, ki\u015filerin kendi sorumlulu\u011fundad\u0131r.<br \/><span style=\"font-weight: 600;\">minisc\u00fale by ebrar<\/span>, \u00dcye&#8217;nin Site&#8217;de sunulan hizmetlerden yararlanabilmek i\u00e7in Site \u00fczerinden kendisine sa\u011flad\u0131\u011f\u0131 ki\u015fisel verilerin 6698 say\u0131l\u0131 Ki\u015fisel Verilerin Korunmas\u0131 Kanunu da dahil ilgili di\u011fer mevzuata uygun bir \u015fekilde i\u015flenmesine, g\u00fcvenli\u011finin sa\u011flanmas\u0131na ve korunmas\u0131na \u00f6nem vermektedir. <span style=\"font-weight: 600;\">minisc\u00fale by ebrar<\/span>, bu kapsamda \u00dcye&#8217;nin sa\u011flad\u0131\u011f\u0131 ki\u015fisel verileri Site&#8217;de yer alan Gizlilik ve \u00c7erez Politikas\u0131&#8217;na uygun olarak toplamakta, 6698 Say\u0131l\u0131 Ki\u015fisel Verilerin Korunmas\u0131 Kanunu md. 12\u2019ye uygun olarak g\u00fcvenli\u011fini sa\u011flamakta, muhafaza etmekte, kullanmakta, aktarmakta ve di\u011fer \u015fekillerde i\u015fleyebilmektedir. Gizlilik ve \u00c7erez Politikas\u0131, i\u015fbu S\u00f6zle\u015fmesi&#8217;nin ayr\u0131lmaz bir par\u00e7as\u0131d\u0131r. \u00dcye, Site&#8217;de sunulan hizmetlerden faydalanarak ve\/veya bir hesap olu\u015fturarak Gizlilik ve \u00c7erez<\/li>\n<li>Politikas\u0131&#8217;nda belirlendi\u011fi \u015fekilde ki\u015fisel verilerinin toplanmas\u0131na, kullan\u0131lmas\u0131na, aktar\u0131lmas\u0131na ve di\u011fer \u015fekillerde i\u015flenmesine a\u00e7\u0131k bir \u015fekilde ve \u00f6zg\u00fcr iradesiyle r\u0131za g\u00f6stermektedir. Ki\u015fisel verinin kullan\u0131lmas\u0131 ile ilgili ko\u015fullar ve bu konudaki haklar\u0131n\u0131zla ilgili olarak daha fazla bilgi i\u00e7in Gizlilik ve \u00c7erez Politikam\u0131z&#8217;\u0131 inceleyebilir ve <span style=\"font-weight: 600;\">hebrar.sarigullu@hs01.kep.tr<\/span> adresine elektronik posta g\u00f6ndererek haklar\u0131n\u0131z\u0131 kullanabilirsiniz.<\/li>\n<\/ul>\n<p><span style=\"font-weight: 600;\">C. minisc\u00fale by ebrar<\/span><span style=\"font-weight: 600;\">\u2019\u0131n Hak Ve Y\u00fck\u00fcml\u00fcl\u00fckleri<\/span><\/p>\n<ul>\n<li>A\u015fa\u011f\u0131da belirtilen durumlarda, <span style=\"font-weight: 600;\">minisc\u00fale by ebrar<\/span>\u2019\u0131n kanundan do\u011fan t\u00fcm haklar\u0131n\u0131n yan\u0131nda s\u00f6z konusu i\u015flemleri iptal etme, \u00dcye\u2019nin kullan\u0131m\u0131n\u0131 durdurma, \u00dcye\u2019nin \u00fcyeli\u011fine son verme, i\u015fbu S\u00f6zle\u015fme\u2019yi tek tarafl\u0131 olarak derhal feshetme hakk\u0131 bulunmaktad\u0131r:<\/li>\n<li>Yanl\u0131\u015f, d\u00fczensiz, eksik ve yan\u0131lt\u0131c\u0131 bilgileri, genel ahlak kurallar\u0131na uygun olmayan ifadeleri i\u00e7eren ve T\u00fcrkiye Cumhuriyeti kanunlar\u0131na uygun olmayan bilgilerin Site\u2019ye kaydedilmesi durumunda;<\/li>\n<li>Site\u2019de yer alan \u00e7al\u0131\u015fmalar\u0131n ve verinin k\u0131smen veya t\u00fcm\u00fcyle kopyalanarak kullan\u0131lmas\u0131 veya kullan\u0131lmaya \u00e7al\u0131\u015f\u0131lmas\u0131 durumunda;<\/li>\n<li>\u00dcyelere, <span style=\"font-weight: 600;\">minisc\u00fale by ebrar<\/span> taraf\u0131ndan siteye \u00fcye olmas\u0131 nedeniyle verilen ya da kendi belirledikleri kullan\u0131c\u0131 ad\u0131, \u015fifre gibi bilgilerin kullan\u0131m haklar\u0131n\u0131n, \u00fc\u00e7\u00fcnc\u00fc ki\u015filerle payla\u015f\u0131lmas\u0131 durumunda, \u015fifresinin ba\u015fka ki\u015filer taraf\u0131ndan k\u00f6t\u00fc niyetle kullan\u0131lmas\u0131ndan do\u011frudan \u00dcye sorumludur. Ayn\u0131 \u015fekilde, \u00dcye, internet ortam\u0131nda bir ba\u015fkas\u0131n\u0131n IP adresini, e-posta adresini, kullan\u0131c\u0131 ad\u0131n\u0131 ve sair bilgilerini kullanamayaca\u011f\u0131 gibi di\u011fer \u00dcyelerin \u00f6zel bilgilerine de izinsiz olarak ula\u015famaz veya bunlar\u0131 kullanamaz. Bu \u015fekilde bir kullan\u0131mdan dolay\u0131 do\u011fabilecek her t\u00fcrl\u00fc hukuki ve cezai y\u00fck\u00fcml\u00fcl\u00fck \u00fcyeye aittir;<\/li>\n<li>Site\u2019nin genel g\u00fcvenli\u011fini tehdit edecek, Site\u2019nin ve kullan\u0131lan yaz\u0131l\u0131mlar\u0131n \u00e7al\u0131\u015fmas\u0131n\u0131 engelleyecek yaz\u0131l\u0131mlar\u0131n kullan\u0131lmas\u0131, faaliyetlerin yap\u0131lmas\u0131, yap\u0131lmaya \u00e7al\u0131\u015f\u0131lmas\u0131 ve bilgilerin al\u0131nmas\u0131, silinmesi, de\u011fi\u015ftirilmesi durumunda;<\/li>\n<li>\u00dcyenin, <span style=\"font-weight: 600;\">minisc\u00fale by ebrar<\/span> kampanyalar\u0131n\u0131n, sat\u0131\u015f sisteminin veya Site\u2019nin herhangi bir a\u00e7\u0131\u011f\u0131ndan (teknik vs.) faydalanarak <span style=\"font-weight: 600;\">minisc\u00fale by ebrar<\/span>\u2019a zarar vermesi, haks\u0131z bir menfaat sa\u011flamas\u0131, tekrarlanan uygulamalar yapmas\u0131 \u015feklinde sat\u0131\u015f sisteminin veya Site\u2019nin k\u00f6t\u00fcye kullan\u0131lmas\u0131n\u0131n <span style=\"font-weight: 600;\">minisc\u00fale by ebrar<\/span> taraf\u0131ndan tespit edilmesi durumunda, \u00dcye\u2019nin, Site\u2019yi kullan\u0131m\u0131nda veya al\u0131\u015fveri\u015fte, S\u00f6zle\u015fme\u2019de yer alan t\u00fcm \u015fartlara ve Site\u2019nin ilgili yerlerinde belirtilen kurallara ve y\u00fcr\u00fcrl\u00fckteki mevzuata ayk\u0131r\u0131 hareket etmesi durumunda.<\/li>\n<li><span style=\"font-weight: 600;\">minisc\u00fale by ebrar<\/span>, tek tarafl\u0131 olarak verdi\u011fi hizmeti s\u00fcrekli veya ge\u00e7ici olarak durdurma, hizmetin i\u00e7eri\u011fini de\u011fi\u015ftirme veya iptal etme hakk\u0131 sakl\u0131 kalmak kayd\u0131yla ve teknik ar\u0131zalar d\u0131\u015f\u0131nda, \u00dcye&#8217;yi s\u00f6zle\u015fme konusu hizmetlerden yararland\u0131r\u0131laca\u011f\u0131n\u0131, \u00dcye\u2019nin payla\u015f\u0131ma a\u00e7t\u0131\u011f\u0131 bilgileri yasal zorunluluklar ve belirtilen durumlar hari\u00e7 \u00fc\u00e7\u00fcnc\u00fc ki\u015filerle payla\u015f\u0131lmayaca\u011f\u0131n\u0131 taahh\u00fct eder. \u00dcye\u2019nin, Site\u2019nin \u00e7al\u0131\u015fmas\u0131na engel olacak herhangi bir elektronik sabotaj ve\/veya sald\u0131r\u0131ya neden oldu\u011funun tespit edilmesi veya resmi makamlardan, \u00dcye\u2019ye y\u00f6nelik su\u00e7 duyurusu ya da resmi soru\u015fturma talebi gelmesi halinde, <span style=\"font-weight: 600;\">minisc\u00fale by ebrar<\/span>, ilgili \u00dcye\u2019nin ki\u015fisel bilgilerini ara\u015ft\u0131rma ve a\u00e7\u0131klama hakk\u0131na sahiptir.<\/li>\n<li>\u00dcye, yukar\u0131da say\u0131lan h\u00fck\u00fcmlere uygun hareket edecektir. Aksi takdirde <span style=\"font-weight: 600;\">minisc\u00fale by ebrar<\/span>\u2019un i\u015f bu S\u00f6zle\u015fme&#8217;yi derhal feshetme hakk\u0131 bulunmaktad\u0131r. \u00dcye ise i\u015f bu S\u00f6zle\u015fme&#8217;yi onaylayarak Site&#8217;yi kullanmaya ba\u015flad\u0131\u011f\u0131 andan itibaren okuyup bilgi sahibi oldu\u011funu kabul beyan ve taahh\u00fct eder.<\/li>\n<\/ul>\n<p><span style=\"font-weight: 600;\">D. S\u00f6zle\u015fme\u2019nin Devri, Kapsam\u0131, S\u00fcresi Ve Y\u00fcr\u00fcrl\u00fck<\/span><\/p>\n<ul>\n<li>S\u00f6zle\u015fme, \u00fcyeli\u011fin sona ermesi ile veya S\u00f6zle\u015fme\u2019de say\u0131lan fesih hallerinden herhangi birinin ger\u00e7ekle\u015fmesi ile hi\u00e7bir uyar\u0131ya gerek kalmaks\u0131z\u0131n kendili\u011finden h\u00fck\u00fcms\u00fcz olacakt\u0131r.<\/li>\n<li>\u00dcye, <span style=\"font-weight: 600;\">minisc\u00fale by ebrar<\/span>\u2019\u0131n gerekli g\u00f6rmesi halinde, \u00dcye\u2019ye sebebini bildirmek kayd\u0131 ile, Site \u00fcyeli\u011fini iptal edebilece\u011fini ve i\u015fbu \u00dcyelik S\u00f6zle\u015fmesi\u2019ni feshedebilece\u011fini pe\u015finen kabul eder.<br \/><span style=\"font-weight: 600;\">minisc\u00fale by ebrar<\/span> taahh\u00fct etti\u011fi hizmetlerin s\u00fcreklili\u011fini sa\u011flamak i\u00e7in, i\u015fbu S\u00f6zle\u015fme\u2019de istedi\u011fi anda ve \u00f6nceden bildirmeksizin tek tarafl\u0131 de\u011fi\u015fiklikler yapabilir. <span style=\"font-weight: 600;\">minisc\u00fale by ebrar<\/span>\u2019un, Site\u2019nin nihai amac\u0131 ve sundu\u011fu hizmetler temelde ayn\u0131 kalmak kayd\u0131 ile; her zaman, herhangi bir gerek\u00e7e g\u00f6stermeksizin, tek tarafl\u0131 olarak verdi\u011fi hizmeti s\u00fcrekli veya ge\u00e7ici olarak durdurma, Site\u2019de yay\u0131mlanan fiyatlar da dahil olmak \u00fczere hizmetin i\u00e7eri\u011fini de\u011fi\u015ftirme veya iptal etme hakk\u0131 vard\u0131r. <span style=\"font-weight: 600;\">minisc\u00fale by ebrar<\/span>, gerek g\u00f6rd\u00fc\u011f\u00fc takdirde, ayn\u0131 link alt\u0131nda, g\u00fcncellenmi\u015f \u00fcyelik \u015fartlar\u0131n\u0131 tarih g\u00fcncellemesi ile birlikte Site\u2019de yay\u0131nlayacak, \u00dcye\u2019ye de bildirimde bulunabilecektir. G\u00fcncellenmi\u015f \u00fcyelik \u015fartlar\u0131, Site\u2019de yay\u0131nland\u0131\u011f\u0131 andan itibaren ge\u00e7erlilik kazanacak olup, Site\u2019nin veya hizmetlerin kullan\u0131m\u0131 o andan itibaren yeni \u00fcyelik \u015fartlar\u0131na ba\u011flanm\u0131\u015f olacakt\u0131r.<\/li>\n<li>Site\u2019nin belirli yerlerinde, ilgili b\u00f6l\u00fcme \u00f6zg\u00fc farkl\u0131 kurallar ve y\u00fck\u00fcml\u00fcl\u00fckler belirlenebilir. Bu b\u00f6l\u00fcmleri kullanan \u00dcye, ilgili kurallar\u0131 okumu\u015f ve kabul etmi\u015f say\u0131l\u0131r.<br \/>\u00dcye, <span style=\"font-weight: 600;\">minisc\u00fale by ebrar<\/span>\u2019\u0131n S\u00f6zle\u015fme\u2019yi \u00fc\u00e7\u00fcnc\u00fc ki\u015filere devredebilece\u011fini ve i\u015fbu S\u00f6zle\u015fme ile, Bor\u00e7lar Kanunu\u2019nun 205inci maddesi uyar\u0131nca S\u00f6zle\u015fme\u2019nin devrine \u015fimdiden izin verdi\u011fini gayr\u0131kabilir\u00fccu kabul, beyan ve taahh\u00fct eder.<\/li>\n<\/ul>\n<p><span style=\"font-weight: 600;\">E. Genel H\u00fck\u00fcmler<\/span><\/p>\n<ul>\n<li>\u0130\u015fbu S\u00f6zle\u015fme\u2019nin ge\u00e7erlili\u011fi, yorumu ve ifas\u0131 T\u00fcrkiye Cumhuriyeti kanunlar\u0131na tabidir. \u0130\u015fbu S\u00f6zle\u015fme\u2019nin uygulanmas\u0131ndan do\u011fabilecek uyu\u015fmazl\u0131klar\u0131n \u00e7\u00f6z\u00fcm\u00fcnde \u0130stanbul Merkez Mahkemeleri ve \u0130cra Daireleri yetkilidir.<\/li>\n<li>\u00dcye\u2019nin Site\u2019ye \u00fcye olurken bildirdi\u011fi e-posta adresi, i\u015fbu S\u00f6zle\u015fme ile ilgili olarak yap\u0131lacak her t\u00fcrl\u00fc bildirim i\u00e7in yasal tebligat adresi olarak kabul edilir.<\/li>\n<li>Taraflar, mevcut e-posta adreslerindeki de\u011fi\u015fiklikleri 3 (\u00fc\u00e7) g\u00fcn i\u00e7inde di\u011fer tarafa bildirmedikleri takdirde, eski e-posta adreslerine yap\u0131lacak bildirimlerin ge\u00e7erli olaca\u011f\u0131n\u0131 ve kendilerine yap\u0131lm\u0131\u015f say\u0131laca\u011f\u0131n\u0131 kabul ederler.<\/li>\n<li>\u00dcye\u2019nin kay\u0131tl\u0131 e-posta adresi kullan\u0131larak yap\u0131lan her t\u00fcrl\u00fc bildirimin, e-postan\u0131n <span style=\"font-weight: 600;\">minisc\u00fale by ebrar<\/span> taraf\u0131ndan yollanmas\u0131ndan 1 (bir) g\u00fcn sonra \u00dcye\u2019ye ula\u015ft\u0131\u011f\u0131 kabul edilecektir. \u00dcye, i\u015fbu S\u00f6zle\u015fme\u2019de yer alan maddelerin t\u00fcm\u00fcn\u00fc okudu\u011funu, anlad\u0131\u011f\u0131n\u0131, kabul etti\u011fini ve verdi\u011fi bilgilerin do\u011frulu\u011funu onaylad\u0131\u011f\u0131n\u0131 beyan, kabul ve taahh\u00fct eder.<\/li>\n<\/ul>\n<p><span style=\"font-weight: 600;\">F. \u015eirket Bilgileri<\/span><\/p>\n<p>Ek bilgi almak i\u00e7in <span style=\"font-weight: 600;\"><u><a href=\"https:\/\/www.minisculebyebrar.com\/\">www.minisculebyebrar.com<\/a><\/u><\/span>&#8216;a a\u015fa\u011f\u0131da yer alan ileti\u015fim bilgileri ile e-mail adresi \u00fczerinden istedi\u011finiz zaman ya da telefon numaras\u0131 arac\u0131l\u0131\u011f\u0131 ula\u015fabilirsiniz.<br \/>H.Ebrar Sar\u0131g\u00fcl\u00fc &#8211; Min\u00fcsk\u00fcl Tekstil<br \/>Adres: Akat Mah. Cebeci Sok. Demet Apt. No:4 Daire:2, 34335 Etiler \/ \u0130STANBUL Telefon: <br \/>M\u00fc\u015fteri Hizmetleri: <a href=\"mailto:hello@minisculebyebrar.com\">hello@minisculebyebrar.com<\/a><\/p>\n<p style=\"text-align: center;\"><span style=\"color: #cb724c; font-size: 20pt;\">\u00c7erez (Cookie) Politikas\u0131<\/span><\/p>\n<p>\u00c7erezler, ziyaret etti\u011finiz web siteleri taraf\u0131ndan olu\u015fturulan dosyalard\u0131r. \u00c7erezler, site tercihleriniz veya profil bilgileriniz gibi g\u00f6z atma bilgilerini depolar. \u00c7erezler, Site&#8217;yi ziyaret etti\u011finizde, internet taray\u0131c\u0131n\u0131z taraf\u0131ndan y\u00fcklenir ve Site&#8217;ye girmi\u015f oldu\u011funuz cihazda saklan\u0131r. \u00c7erezler ziyaretiniz s\u0131ras\u0131nda yapaca\u011f\u0131n\u0131z taramalar\u0131 kolayla\u015ft\u0131rmak ve Site&#8217;yi kullan\u0131c\u0131 dostu k\u0131lmak i\u00e7in gereklidirler ve cihaz\u0131n\u0131za herhangi bir zarar vermezler.<\/p>\n<p><span style=\"font-weight: 600;\">minisc\u00fale by ebrar<\/span>, size \u00f6zel tan\u0131t\u0131m yapmak, promosyonlar ve pazarlama teklifleri sunmak, Site&#8217;nin i\u00e7eri\u011fini size g\u00f6re iyile\u015ftirmek ve\/veya tercihlerinizi belirlemek amac\u0131yla; Site \u00fczerinde gezinme bilgilerinizi ve\/veya Site \u00fczerindeki \u00fcyelik kullan\u0131m ge\u00e7mi\u015finizi izlemektedir. <span style=\"font-weight: 600;\">minisc\u00fale by ebrar<\/span>, \u00e7evrimi\u00e7i ve \u00e7evrimd\u0131\u015f\u0131 olarak toplanan bilgiler gibi farkl\u0131 y\u00f6ntemlerle veya farkl\u0131 zamanlarda Site \u00fczerinde sizden toplanan bilgileri e\u015fle\u015ftirebilir ve bu bilgileri \u00fc\u00e7\u00fcnc\u00fc taraflar gibi ba\u015fka kaynaklardan al\u0131nan bilgilerle birlikte kullanabilir. S\u00f6z konusu e\u015fle\u015ftirme ve kullanma yaln\u0131zca i\u015fbu Gizlilik ve \u00c7erez Politikas\u0131 ile belirlenen ama\u00e7lar ve kapsam dahilinde kalacakt\u0131r.<\/p>\n<p><span style=\"font-weight: 600;\">minisc\u00fale by ebrar<\/span>, \u00e7erezleri ayr\u0131ca; arama motorlar\u0131n\u0131, Site&#8217;yi ve\/veya <span style=\"font-weight: 600;\">minisc\u00fale by ebrar<\/span> &#8216;\u0131n reklam verdi\u011fi web sitelerini ziyaret etti\u011finizde ilginizi \u00e7ekebilece\u011fini d\u00fc\u015f\u00fcnd\u00fc\u011f\u00fc reklamlar\u0131 size sunabilmek amac\u0131yla kullanabilir. <span style=\"font-weight: 600;\">minisc\u00fale by ebrar<\/span> bu reklamlar\u0131 sunarken, <span style=\"font-weight: 600;\">minisc\u00fale by ebrar<\/span>\u2019\u0131n sizi tan\u0131yabilmesi amac\u0131yla taray\u0131c\u0131n\u0131za bir \u00fc\u00e7\u00fcnc\u00fc taraf \u00e7erezi yerle\u015ftirilebilir. Site&#8217;yi ziyaretleri s\u0131ras\u0131ndaki kullan\u0131c\u0131lar\u0131n deneyimini iyile\u015ftirmek amac\u0131yla taraf\u0131m\u0131zdan talep edilen hizmetleri sunmak i\u00e7in harici kurulu\u015flar taraf\u0131ndan kullan\u0131lan ve y\u00f6netilen ve &#8220;\u00fc\u00e7\u00fcnc\u00fc taraf \u00e7erezleri&#8221; hari\u00e7 Site&#8217;de \u00e7erezlerde depolanan bilgiler \u00f6zel olarak yaln\u0131zca <span style=\"font-weight: 600;\">minisc\u00fale by ebrar<\/span> taraf\u0131m\u0131zdan kullan\u0131l\u0131rlar. Bu &#8220;\u00fc\u00e7\u00fcnc\u00fc taraf \u00e7erezleri&#8221;nin ana kullan\u0131m ama\u00e7lar\u0131 eri\u015fim istatistikleri elde etmek ve ger\u00e7ekle\u015ftirilen \u00f6deme i\u015flemlerinin g\u00fcvenli\u011fini garanti etmektir.<\/p>\n<p>\u015eifreniz veya kredi ya da banka kart bilgileriniz gibi hassas nitelikteki bilgileri kulland\u0131\u011f\u0131m\u0131z \u00e7erezlerde depolamamaktay\u0131z.<\/p>\n<p>Gezinme bilgilerinizi toplama amac\u0131yla kulland\u0131\u011f\u0131m\u0131z \u00e7erezler hakk\u0131nda bilgi, Site&#8217;ye ilk defa giri\u015f yapt\u0131\u011f\u0131n\u0131zda pop-up ekran ile verilecektir.<\/p>\n<p>Yukar\u0131da belirtilen s\u0131n\u0131rlamalar\u0131 g\u00f6z \u00f6n\u00fcnde bulundurarak Site&#8217;de \u00e7erez kullan\u0131m\u0131n\u0131 \u00f6nlemeyi tercih ederseniz \u00f6ncelikle taray\u0131c\u0131n\u0131zdaki \u00e7erez kullan\u0131m \u00f6zelli\u011fini devre d\u0131\u015f\u0131 b\u0131rakman\u0131z sonra da bu Site ile ili\u015fkilendirilen kaydedilmi\u015f \u00e7erezleri silmeniz gerekecektir. \u00c7erez kullan\u0131m\u0131n\u0131 \u00f6nleme se\u00e7ene\u011fini diledi\u011finiz herhangi bir anda kullanabilirsiniz. Bununla birlikte, \u00e7erezleri \u00f6nlemeniz, Site&#8217;de sunulan birtak\u0131m hizmetlerden faydalanamama gibi sonu\u00e7lar do\u011furabilecektir.<\/p>\n<p>[\/vc_column_text][\/vc_column][\/vc_row]<\/p>\n<\/div>","protected":false},"excerpt":{"rendered":"<p>[vc_row][vc_column][vc_column_text] &nbsp; \u00dcyelik S\u00f6zle\u015fmesi Bir taraftan Akat Mah. Cebeci Sok. Demet Apt. No:4 Daire:2, Etiler \/ \u0130STANBUL adresinde mukim H.EBRAR SARIG\u00dcLL\u00dc \/ M\u0130N\u00dcSK\u00dcL TEKST\u0130L (A\u015fa\u011f\u0131da k\u0131saca \u201cminisc\u00fale by ebrar\u201d olarak an\u0131lacakt\u0131r) ile di\u011fer tarafta www.minisculebyebrar.com (\u201cSite\u201d) \u00fcyesi (\u201c\u00dcye\u201d) aras\u0131nda a\u015fa\u011f\u0131daki \u015fartlarda i\u015f bu s\u00f6zle\u015fme akdedilmi\u015ftir. A. S\u00f6zle\u015fmenin Ba\u015flang\u0131c\u0131 \u00dcye, Site\u2019de kay\u0131t i\u015flemlerini tamamlay\u0131p, e-posta adresini [&hellip;]<\/p>\n","protected":false},"author":8,"featured_media":0,"parent":0,"menu_order":0,"comment_status":"closed","ping_status":"closed","template":"","meta":{"footnotes":""},"class_list":["post-16919","page","type-page","status-publish","hentry"],"_links":{"self":[{"href":"https:\/\/www.minisculebyebrar.com\/tr\/wp-json\/wp\/v2\/pages\/16919","targetHints":{"allow":["GET"]}}],"collection":[{"href":"https:\/\/www.minisculebyebrar.com\/tr\/wp-json\/wp\/v2\/pages"}],"about":[{"href":"https:\/\/www.minisculebyebrar.com\/tr\/wp-json\/wp\/v2\/types\/page"}],"author":[{"embeddable":true,"href":"https:\/\/www.minisculebyebrar.com\/tr\/wp-json\/wp\/v2\/users\/8"}],"replies":[{"embeddable":true,"href":"https:\/\/www.minisculebyebrar.com\/tr\/wp-json\/wp\/v2\/comments?post=16919"}],"version-history":[{"count":0,"href":"https:\/\/www.minisculebyebrar.com\/tr\/wp-json\/wp\/v2\/pages\/16919\/revisions"}],"wp:attachment":[{"href":"https:\/\/www.minisculebyebrar.com\/tr\/wp-json\/wp\/v2\/media?parent=16919"}],"curies":[{"name":"wp","href":"https:\/\/api.w.org\/{rel}","templated":true}]}}