{"id":20583,"date":"2021-01-24T23:06:59","date_gmt":"2021-01-24T20:06:59","guid":{"rendered":"https:\/\/www.minisculebyebrar.com\/?post_type=product&#038;p=20583"},"modified":"2022-04-27T00:49:21","modified_gmt":"2022-04-26T21:49:21","slug":"unisex-triko-bluz-krem-ikinci-el","status":"publish","type":"product","link":"https:\/\/www.minisculebyebrar.com\/tr\/urun\/unisex-triko-bluz-krem-ikinci-el\/","title":{"rendered":"Unisex Triko Bluz \/ Krem \/ \u0130kinci El"},"content":{"rendered":"<p>Bu kategorideki her bir \u00fcr\u00fcn\u00fcm\u00fcz\u00fc hijyen kurallar\u0131na uygun olarak dezenfekte i\u015fleminden ge\u00e7iriyor, yeni kullan\u0131c\u0131lar i\u00e7in g\u00fcvenli ve ekonomik bir al\u0131\u015fveri\u015f imkan\u0131 sa\u011fl\u0131yoruz.<\/p>\n<p>\u00c7ocuklar\u0131n h\u0131zl\u0131 geli\u015fmesinden kaynakl\u0131 k\u0131sa k\u0131yafet s\u00fcrelerine bir \u00e7\u00f6z\u00fcm olarak geli\u015ftirdi\u011fimiz \u201c\u0130kinci El\u201d se\u00e7ene\u011fi ile \u00fcretimden do\u011fan at\u0131klar\u0131 g\u00f6z \u00f6n\u00fcnde bulundurarak hammaddelerin ve eme\u011fin \u00f6mr\u00fcn\u00fc uzat\u0131yor, s\u00fcrd\u00fcr\u00fclebilir moda anlay\u0131\u015f\u0131m\u0131z kapsam\u0131nda buna b\u00fcy\u00fck \u00f6nem veriyoruz.<\/p>\n<p>\u0130nsana ve do\u011fal kaynaklara duydu\u011fumuz sayg\u0131 \u00e7er\u00e7evesinde her t\u00fcrl\u00fc canl\u0131ya fayda sa\u011fl\u0131yor, t\u00fcketicilerimizi de bilin\u00e7li t\u00fcketim \u00e7ark\u0131na dahil ederek fayda ve fark\u0131ndal\u0131k yarat\u0131yoruz.<\/p>\n<p>Not: \u0130kinci El kategorisindeki \u00fcr\u00fcnlerde indirim kodlar\u0131 ge\u00e7erli de\u011fildir.<\/p>\n","protected":false},"excerpt":{"rendered":"<p><strong>SKU:<\/strong> U0501A1801-SH<br \/>\n<strong>RENK:<\/strong> Krem<\/p>\n","protected":false},"featured_media":20594,"template":"","meta":[],"product_brand":[],"product_cat":[154,143,145,142,141,150,155,159],"product_tag":[166,160,167],"class_list":{"0":"post-20583","1":"product","2":"type-product","3":"status-publish","4":"has-post-thumbnail","6":"product_cat-ust-giyim-kiz","7":"product_cat-erkek","8":"product_cat-ikinci-yeni","9":"product_cat-kiz","10":"product_cat-magaza-tum","11":"product_cat-tum-urunler-kiz","12":"product_cat-tum-urunler","13":"product_cat-ust-giyim-erkek","14":"product_tag-jumpsuit","15":"product_tag-shop","16":"product_tag-topwear","17":"pa_beden-12-18-ay","18":"pa_beden-18-24-ay","19":"pa_beden-2-3-yas","20":"pa_beden-3-4-yas","21":"pa_beden-4-5-yas","22":"pa_beden-ozel-siparis","24":"first","25":"outofstock","26":"taxable","27":"shipping-taxable","28":"product-type-simple"},"_links":{"self":[{"href":"https:\/\/www.minisculebyebrar.com\/tr\/wp-json\/wp\/v2\/product\/20583","targetHints":{"allow":["GET"]}}],"collection":[{"href":"https:\/\/www.minisculebyebrar.com\/tr\/wp-json\/wp\/v2\/product"}],"about":[{"href":"https:\/\/www.minisculebyebrar.com\/tr\/wp-json\/wp\/v2\/types\/product"}],"wp:featuredmedia":[{"embeddable":true,"href":"https:\/\/www.minisculebyebrar.com\/tr\/wp-json\/wp\/v2\/media\/20594"}],"wp:attachment":[{"href":"https:\/\/www.minisculebyebrar.com\/tr\/wp-json\/wp\/v2\/media?parent=20583"}],"wp:term":[{"taxonomy":"product_brand","embeddable":true,"href":"https:\/\/www.minisculebyebrar.com\/tr\/wp-json\/wp\/v2\/product_brand?post=20583"},{"taxonomy":"product_cat","embeddable":true,"href":"https:\/\/www.minisculebyebrar.com\/tr\/wp-json\/wp\/v2\/product_cat?post=20583"},{"taxonomy":"product_tag","embeddable":true,"href":"https:\/\/www.minisculebyebrar.com\/tr\/wp-json\/wp\/v2\/product_tag?post=20583"}],"curies":[{"name":"wp","href":"https:\/\/api.w.org\/{rel}","templated":true}]}}